{"id":51745,"date":"2025-10-10T12:49:06","date_gmt":"2025-10-10T09:49:06","guid":{"rendered":"https:\/\/perfectvenue.es\/?post_type=job_listing&#038;p=51745"},"modified":"2025-10-10T12:49:06","modified_gmt":"2025-10-10T09:49:06","slug":"espacio-para-bodas-en-castellon","status":"publish","type":"job_listing","link":"https:\/\/perfectvenue.es\/es\/listings\/espacio-para-bodas-en-castellon\/","title":{"rendered":"La Mas\u00eda Les Casotes"},"content":{"rendered":"<p><\/p>\n<h2 style=\"text-align: justify;\"><span style=\"font-weight: 400;\">Descripci\u00f3n<\/span><\/h2>\n<p style=\"text-align: justify;\"><span style=\"font-weight: 400;\">La Mas\u00eda Les Casotes, es un espacio para bodas en Castell\u00f3n\u00a0 que combina tradici\u00f3n, elegancia y naturaleza, considerado uno de los mejores lugares para bodas en Castell\u00f3n por su versatilidad y atenci\u00f3n al detalle.<\/span><\/p>\n<p style=\"text-align: justify;\"><span style=\"font-weight: 400;\">Sus m\u00faltiples espacios interiores y exteriores permiten celebrar bodas y eventos de todo tipo, incluyendo jardines, terrazas, patios y salones. Cada rinc\u00f3n transmite encanto y ofrece un entorno privado y exclusivo, reservado para un \u00fanico evento al d\u00eda, garantizando que cada celebraci\u00f3n sea completamente personalizada y memorable.<\/span><\/p>\n<h2 style=\"text-align: justify;\"><span style=\"font-weight: 400;\">Eventos de todo tipo<\/span><\/h2>\n<p style=\"text-align: justify;\"><span style=\"font-weight: 400;\">Con capacidad para bodas de 75 a 400 comensales, La Mas\u00eda Les Casotes asegura la m\u00e1xima comodidad para todos los asistentes. Los men\u00fas parten de 135,38 \u20ac + IVA (2025) e incluye aperitivo, banquete, barra libre y la posibilidad de a\u00f1adir corners gastron\u00f3micos, tarta de boda o postres en mesa. Cada propuesta gastron\u00f3mica, dise\u00f1ada por el chef Miguel Mart\u00ed, es totalmente personalizable y adaptada a alergias, intolerancias y dietas especiales.<\/span><\/p>\n<p style=\"text-align: justify;\"><span style=\"font-weight: 400;\">El espacio se alquila siempre con el servicio de restauraci\u00f3n incluido, aunque los novios pueden elegir libremente fot\u00f3grafos, floristas y otros proveedores externos, salvo la ambientaci\u00f3n musical, gestionada por el t\u00e9cnico de sonido del lugar para garantizar coherencia en la ceremonia, c\u00f3ctel y banquete. Los horarios permiten eventos diurnos hasta las 21:00 y nocturnos hasta las 5:00, asegurando flexibilidad seg\u00fan las preferencias de cada pareja.<\/span><\/p>\n<h2 style=\"text-align: justify;\"><span style=\"font-weight: 400;\">Otras instalaciones<\/span><\/h2>\n<p style=\"text-align: justify;\"><span style=\"font-weight: 400;\">La Mas\u00eda Les Casotes dispone de cocina propia con un equipo profesional dedicado a ofrecer alta gastronom\u00eda de proximidad, ecol\u00f3gica y sostenible. Las instalaciones est\u00e1n completamente adaptadas para personas con movilidad reducida y permiten el acceso a mascotas en exteriores, aunque no en interiores.<\/span><\/p>\n<p style=\"text-align: justify;\"><span style=\"font-weight: 400;\">Adem\u00e1s, cuenta con vestidores privados para que los novios se preparen en un entorno \u00edntimo junto a sus familiares, asegurando comodidad y privacidad durante todo el proceso de la boda. Su combinaci\u00f3n de espacios vers\u00e1tiles, servicios completos y atenci\u00f3n personalizada hace de La Mas\u00eda Les Casotes un lugar ideal para celebrar bodas en Castell\u00f3n inolvidables.<\/span><\/p>\n<h3 style=\"text-align: justify;\"><span style=\"font-weight: 400;\">Detalles<\/span><\/h3>\n<ul style=\"text-align: justify;\">\n<li style=\"font-weight: 400;\" aria-level=\"1\"><b>\u00bfQu\u00e9 espacios est\u00e1n disponibles para la celebraci\u00f3n (por ejemplo, jard\u00edn, terraza, zona de piscina, salones interiores)?<\/b><span style=\"font-weight: 400;\"> La Mas\u00eda Les Casotes dispone de espacios tanto interiores como exteriores para la celebraci\u00f3n de todo tipo de eventos. Para las ceremonias civiles, contamos con 12 ubicaciones diferentes en las zonas ajardinadas, adem\u00e1s de dos alternativas (una interior y otra exterior) pensadas para garantizar la celebraci\u00f3n incluso en caso de lluvia o condiciones meteorol\u00f3gicas adversas. Para el c\u00f3ctel, disponemos de tres zonas exteriores, dos en los jardines y una en un encantador patio interior, tambi\u00e9n al aire libre, que cuenta con un porche acondicionado para resguardarse en caso de inclemencias climatol\u00f3gicas. En este mismo patio se encuentra el mirador, un espacio con gran encanto y vistas privilegiadas. Del mismo modo, para el banquete ofrecemos tres opciones: una zona exterior ajardinada en el lateral de la ermita, el porche con el mirador y el sal\u00f3n principal, cada uno con su propio estilo y ambiente, permitiendo adaptar la celebraci\u00f3n a la personalidad y preferencias de cada pareja.<\/span><\/li>\n<li style=\"font-weight: 400;\" aria-level=\"1\"><b>\u00bfCu\u00e1l es la capacidad m\u00ednima y m\u00e1xima de invitados?<\/b><span style=\"font-weight: 400;\"> La capacidad m\u00ednima requerida para la celebraci\u00f3n de bodas en este espacio para bodas en Castell\u00f3n es de 75 comensales adultos los viernes y domingos. En s\u00e1bados los m\u00ednimos var\u00edan de 85 a 175 seg\u00fan la temporada. En cuanto al m\u00e1ximo, se establece en 400 comensales siempre garantizando que puedan disfrutar de su d\u00eda especial con total comodidad y libertad.<\/span><\/li>\n<li style=\"font-weight: 400;\" aria-level=\"1\"><b>\u00bfEl lugar ofrece alojamiento para los invitados?<\/b><span style=\"font-weight: 400;\"> No disponemos de alojamiento para los invitados, aunque contamos con vestidores privados para que cada pareja pueda vivir su momento especial junto a sus familiares. De este modo, pueden disfrutar del proceso de prepararse en La Mas\u00eda hasta el instante de la ceremonia, en un entorno \u00edntimo y cuidado al detalle.<\/span><\/li>\n<li style=\"font-weight: 400;\" aria-level=\"1\"><b>\u00bfEl lugar se reserva en exclusiva para un evento por d\u00eda?<\/b><span style=\"font-weight: 400;\"> S\u00ed, en La Mas\u00eda Les Casotes garantizamos la celebraci\u00f3n de un \u00fanico evento al d\u00eda para las bodas, asegurando as\u00ed la m\u00e1xima exclusividad y dedicaci\u00f3n.<\/span><\/li>\n<li style=\"font-weight: 400;\" aria-level=\"1\"><b>\u00bfCu\u00e1l es el precio inicial del men\u00fa? <\/b><span style=\"font-weight: 400;\">Partimos de un precio de men\u00fa incluyendo aperitivo y barra libre de 135,38\u20ac + IVA (precios 2025).<\/span><\/li>\n<li style=\"font-weight: 400;\" aria-level=\"1\"><b>\u00bfQu\u00e9 incluye el men\u00fa? \u00bfEs posible personalizarlo o adaptarlo? <\/b><span style=\"font-weight: 400;\">Contamos con una oferta gastron\u00f3mica muy completa. Nuestros men\u00fas incluyen desde los aperitivos hasta la barra libre, pasando por el banquete, en el que los novios pueden optar por uno o dos platos principales en mesa. Los men\u00fas dise\u00f1ados por nuestro chef, Miguel Mart\u00ed, son totalmente adaptables y personalizables. Miguel destaca por su flexibilidad, ya que, partiendo de una base, acompa\u00f1a a los novios en la elecci\u00f3n y creaci\u00f3n de la propuesta que mejor se ajusta a sus gustos y al estilo de su boda. Adem\u00e1s, siempre ofrecemos la posibilidad de complementar el banquete \u2014e incluso el resop\u00f3n y la barra libre\u2014 con distintos corners gastron\u00f3micos, que invitan a los invitados a recorrer y descubrir los rincones de los jardines de La Mas\u00eda mientras disfrutan de una experiencia culinaria \u00fanica.<\/span><\/li>\n<li style=\"font-weight: 400;\" aria-level=\"1\"><b>\u00bfEs posible alquilar \u00fanicamente las instalaciones sin servicios adicionales? <span style=\"font-weight: 400;\">No, no es posible alquilar \u00fanicamente las instalaciones de este espacio para bodas en Castell\u00f3n sin el servicio de restauraci\u00f3n que las complementa. Consideramos que ambos forman parte de un mismo concepto, en el que todo el equipo trabaja de manera conjunta para garantizar la excelencia en cada detalle y en todos los aspectos de la experiencia que ofrecemos.<\/span><\/b><\/li>\n<li style=\"font-weight: 400;\" aria-level=\"1\"><b>\u00bfEl espacio dispone de servicio de catering o cocina propia?<\/b><span style=\"font-weight: 400;\"> La Mas\u00eda Les Casotes cuenta con cocina propia, dirigida por el chef Miguel Mart\u00ed. Disponemos de un excelente equipo de profesionales que trabaja con dedicaci\u00f3n y cuidado para garantizar la m\u00e1xima calidad en cada elaboraci\u00f3n.<\/span><\/li>\n<li style=\"font-weight: 400;\" aria-level=\"1\"><b>\u00bfQu\u00e9 tipo de cocina se ofrece en los eventos? <span style=\"font-weight: 400;\">La propuesta gastron\u00f3mica de nuestro chef, Miguel Mart\u00ed, se basa en una cocina de mercado de calidad, ecol\u00f3gica, sostenible y de kil\u00f3metro cero. Una cocina que pone en valor los productos de la tierra y de proximidad, destacando la esencia y la riqueza de la gastronom\u00eda valenciana.<\/span><\/b><\/li>\n<li style=\"font-weight: 400;\" aria-level=\"1\"><b>\u00bfSe ofrecen opciones de men\u00fas especiales para dietas espec\u00edficas? <\/b><span style=\"font-weight: 400;\">S\u00ed, ofrecemos men\u00fas adaptados, ya que tenemos muy en cuenta las intolerancias, alergias y dietas especiales que pueda tener cada comensal. Nuestro objetivo es que todos los invitados disfruten de la misma experiencia gastron\u00f3mica, elaborando platos equivalentes al men\u00fa elegido por los novios, pero sustituyendo \u00fanicamente aquellos ingredientes que no puedan consumir. De este modo, cada persona puede disfrutar de un men\u00fa adaptado, pero con la misma presentaci\u00f3n, sabor y calidad que el resto de los invitados.<\/span><\/li>\n<li style=\"font-weight: 400;\" aria-level=\"1\"><b>\u00bfIncluye el servicio de catering la tarta de boda?<\/b><span style=\"font-weight: 400;\"> S\u00ed, por supuesto se puede incluir el servicio de tarta en el banquete. Ofrecemos a los novios la posibilidad de elegir si desean realizar el momento del corte de la tarta o, si lo prefieren, continuar directamente con el servicio de postres en mesa.<\/span><\/li>\n<li style=\"font-weight: 400;\" aria-level=\"1\"><b>\u00bfEs posible llevar una tarta de boda externa? \u00bfTiene un coste extra? <\/b><span style=\"font-weight: 400;\">Se pueden traer tartas de boda externas siempre y cuando cumplan con los requisitos establecidos por Sanidad, y no supone ning\u00fan coste adicional incorporarlas al servicio.<\/span><\/li>\n<li style=\"font-weight: 400;\" aria-level=\"1\"><b>\u00bfHay un l\u00edmite de horario para las celebraciones?<\/b><span style=\"font-weight: 400;\"> En cuanto a los horarios, el \u00fanico l\u00edmite establecido para los eventos nocturnos en este espacio para bodas en Castell\u00f3n es hasta las 5:00 de la madrugada. En el caso de los eventos diurnos, nuestros men\u00fas recogen el horario hasta las 21:00, aunque los novios tienen la posibilidad de prolongar por horas la celebraci\u00f3n del evento.<\/span><\/li>\n<li style=\"font-weight: 400;\" aria-level=\"1\"><b>\u00bfExige el lugar exclusividad con proveedores como fot\u00f3grafos, m\u00fasica, flores, catering\u2026? <\/b><span style=\"font-weight: 400;\">\u00a0La \u00fanica exclusividad con la que cuenta el espacio para bodas en Castell\u00f3n es la ambientaci\u00f3n musical, gestionada por nuestro t\u00e9cnico de sonido, Javier Bordonau. Esta sonorizaci\u00f3n incluye la ceremonia, as\u00ed como toda la ambientaci\u00f3n musical del c\u00f3ctel y del banquete, garantizando una perfecta coordinaci\u00f3n y una experiencia totalmente personalizada seg\u00fan el estilo y las preferencias de cada pareja. En cuanto al resto de proveedores, en el caso de m\u00fasica, dron y animaci\u00f3n infantil con actividades de riesgo, requerimos la firma de un contrato de responsabilidad civil para poder incluirlos en nuestra cartera de profesionales homologados.<\/span><b><\/b><\/li>\n<li style=\"font-weight: 400;\" aria-level=\"1\"><b>\u00bfExiste alg\u00fan costo fijo asociado al alquiler de este espacio para bodas en Castell\u00f3n? <\/b><span style=\"font-weight: 400;\">No, el coste del alquiler del espacio viene incluido dentro de los men\u00fas.<\/span><\/li>\n<li style=\"font-weight: 400;\" aria-level=\"1\"><b>\u00bfQu\u00e9 recargo aplica si no se alcanza el n\u00famero m\u00ednimo de invitados?<\/b><span style=\"font-weight: 400;\"> En caso de no alcanzarse el n\u00famero m\u00ednimo de invitados establecido y firmado previamente en contrato, deber\u00e1 abonarse la diferencia correspondiente al n\u00famero de comensales faltantes, aplicando el precio m\u00e1s econ\u00f3mico disponible en la carta de nuestros men\u00fas durante ese mismo a\u00f1o, sin incluir los aperitivos ni la barra libre.<\/span><\/li>\n<li style=\"font-weight: 400;\" aria-level=\"1\"><b>\u00bfEl lugar cuenta con acceso para personas con discapacidad?<\/b><span style=\"font-weight: 400;\"> S\u00ed, nuestras instalaciones est\u00e1n completamente adaptadas para el acceso de personas con discapacidad. Adem\u00e1s, contamos con aseos especialmente habilitados para garantizar su comodidad y bienestar.<\/span><\/li>\n<li style=\"font-weight: 400;\" aria-level=\"1\"><b>\u00bfEst\u00e1 permitido el acceso a mascotas?<\/b><span style=\"font-weight: 400;\"> S\u00ed, por supuesto. En nuestras instalaciones exteriores se permite el acceso a mascotas, sin embargo, no est\u00e1 permitido su acceso tanto en el sal\u00f3n como en el interior de los vestidores de este espacio para bodas en Castell\u00f3n.<\/span><\/li>\n<\/ul>\n<ul style=\"text-align: justify;\">\n<li style=\"list-style-type: none;\"><\/li>\n<\/ul>\n<h3 style=\"text-align: justify;\"><span style=\"font-weight: 400;\">C\u00f3mo llegar<\/span><\/h3>\n<p style=\"text-align: justify;\"><span style=\"font-weight: 400;\">Este espacio para bodas en Castell\u00f3n se encuentra en la Carretera de Ribesalbes, km 4, 12006 Castell\u00f3n de la Plana, Espa\u00f1a. Este espacio hist\u00f3rico y elegante es ideal para bodas y eventos, ofreciendo un entorno natural y exclusivo.<\/span><\/p>\n<p style=\"text-align: justify;\"><span style=\"font-weight: 400;\">Desde el centro de Castell\u00f3n de la Plana: La mas\u00eda est\u00e1 situada a aproximadamente 10 minutos en coche del centro de la ciudad. Puedes tomar la Carretera de Ribesalbes directamente hasta el km 4.<\/span><\/p>\n<p style=\"text-align: justify;\"><span style=\"font-weight: 400;\">Desde la estaci\u00f3n de tren de Castell\u00f3n de la Plana: La estaci\u00f3n est\u00e1 a unos 28 minutos a pie de la mas\u00eda. Tambi\u00e9n puedes tomar el autob\u00fas L10, L4, L12 o L16 desde paradas cercanas como Grup S. Lloren\u00e7 o Av. Enrique Gimeno (Estepark) hasta la parada m\u00e1s cercana a la mas\u00eda.\u00a0<\/span><\/p>\n<p style=\"text-align: justify;\"><span style=\"font-weight: 400;\">40.00944\u00b0 N, 0.15628\u00b0 W<\/span><\/p>\n<p><\/p>","protected":false},"featured_media":51750,"comment_status":"closed","ping_status":"closed","template":"","meta":{"_job_location":"40.00944\u00b0 N, 0.15628\u00b0 W","_company_website":"","_company_tagline":"La Mas\u00eda Les Casotes en Castell\u00f3n es un espacio exclusivo y vers\u00e1til para bodas, con jardines, salones, cocina propia y atenci\u00f3n personalizada para eventos inolvidables","_company_twitter":"","_filled":0,"_featured":0},"job_listing_region":[120],"job-categories":[1368,1249,98],"venue_type":[145],"wedding_style":[],"class_list":["post-51745","job_listing","type-job_listing","status-publish","has-post-thumbnail","hentry","job_listing_region-valencian-community","job_listing_category-elopement","job_listing_category-mice-venues","job_listing_category-wedding","accommodation-no","venue_type-gardensmarquee-site","other-outside-space","other-car-parking","other-dog-friendly"],"_links":{"self":[{"href":"https:\/\/perfectvenue.es\/es\/wp-json\/wp\/v2\/job-listings\/51745","targetHints":{"allow":["GET"]}}],"collection":[{"href":"https:\/\/perfectvenue.es\/es\/wp-json\/wp\/v2\/job-listings"}],"about":[{"href":"https:\/\/perfectvenue.es\/es\/wp-json\/wp\/v2\/types\/job_listing"}],"replies":[{"embeddable":true,"href":"https:\/\/perfectvenue.es\/es\/wp-json\/wp\/v2\/comments?post=51745"}],"wp:featuredmedia":[{"embeddable":true,"href":"https:\/\/perfectvenue.es\/es\/wp-json\/wp\/v2\/media\/51750"}],"wp:attachment":[{"href":"https:\/\/perfectvenue.es\/es\/wp-json\/wp\/v2\/media?parent=51745"}],"wp:term":[{"taxonomy":"job_listing_region","embeddable":true,"href":"https:\/\/perfectvenue.es\/es\/wp-json\/wp\/v2\/job_listing_region?post=51745"},{"taxonomy":"job_listing_category","embeddable":true,"href":"https:\/\/perfectvenue.es\/es\/wp-json\/wp\/v2\/job-categories?post=51745"},{"taxonomy":"venue_type","embeddable":true,"href":"https:\/\/perfectvenue.es\/es\/wp-json\/wp\/v2\/venue_type?post=51745"},{"taxonomy":"wedding_style","embeddable":true,"href":"https:\/\/perfectvenue.es\/es\/wp-json\/wp\/v2\/wedding_style?post=51745"}],"curies":[{"name":"wp","href":"https:\/\/api.w.org\/{rel}","templated":true}]}}