{"id":38022,"date":"2021-05-11T17:15:41","date_gmt":"2021-05-11T14:15:41","guid":{"rendered":"http:\/\/perfectvenue.es\/?post_type=job_listing&#038;p=38022"},"modified":"2022-11-15T13:35:13","modified_gmt":"2022-11-15T10:35:13","slug":"castillo-de-bellver","status":"publish","type":"job_listing","link":"https:\/\/perfectvenue.es\/es\/listings\/castillo-de-bellver\/","title":{"rendered":"Castillo de Bellver"},"content":{"rendered":"<p><\/p>\n<h2>Historia<\/h2>\n<p style=\"text-align: justify;\">El <strong>castillo fue construido entre 1300 y 1311 por orden directa del rey Jaime II de Mallorca<\/strong>. Se localiza a unos 3 kil\u00f3metros del centro de la ciudad, sobre una colina de 112 m de altura. El recinto consta de un <strong>edificio de estilo g\u00f3tico<\/strong> de planta perfectamente circular que se organiza alrededor de un patio central tambi\u00e9n circular, con cuatro grandes torres orientadas hacia los cuatro puntos<br \/>\ncardinales.<\/p>\n<p>El <strong>material usado en la construcci\u00f3n del castillo de Bellver es mar\u00e9s<\/strong>, un tipo de piedra arenisca f\u00e1cil de trabajar y que se encuentra frecuentemente en toda la geograf\u00eda balear.<\/p>\n<p style=\"text-align: justify;\">La torre major o del homenaje era el \u00faltimo reducto de resistencia si Bellver era atacado. En este tipo de torres se celebraba, la ceremonia de homenaje, por la cual el castellano, como m\u00e1ximo responsable de la fortaleza, realizaba un juramento de fidelidad y obediencia a su rey o se\u00f1or. Durante muchos a\u00f1os la torre major fue usada tambi\u00e9n como prisi\u00f3n. Una importante colecci\u00f3n de grafitos es la principal prueba de aquel periodo de reclusi\u00f3n.<\/p>\n<p style=\"text-align: justify;\">Adem\u00e1s de como fortaleza, el <strong>castillo fue concebido como una residencia real<\/strong> con unos acabados elegantes y refinados.<\/p>\n<p style=\"text-align: justify;\">En la planta baja estaban las estancias destinadas b\u00e1sicamente al abastecimiento de Bellver, mientras que en la planta noble se ubicaban las habitaciones y dependencias de la familia real, <strong>las salas oficiales para la celebraci\u00f3n de reuniones, recepciones y ceremonias, as\u00ed como la capilla de San Marcos.<\/strong><\/p>\n<h2>Bodas y Eventos<\/h2>\n<p style=\"text-align: justify;\">El Castillo de Bellver a lo largo de la historia ha tenido varios usos, al principio como residencia de los reyes Jaime II, Sancho y Jaime III de Mallorca entre otros. En varias ocasiones se le dio uso como prisi\u00f3n y tambi\u00e9n sufri\u00f3 varios asedios.<\/p>\n<p style=\"text-align: justify;\">En la actualidad en el Castillo de Bellver se celebran eventos como bodas, conciertos, exposiciones\u2026<\/p>\n<h3>Patio de Armas<\/h3>\n<p style=\"text-align: justify;\"><strong>Capacidad:<\/strong><br \/>\n&#8211; 300 pax (de pie)<br \/>\n&#8211; 450 pax sentadas en formato concierto (incluyendo el escenario)<br \/>\n-De 160 a 250 pax en sentadas en mesas, dependiendo del escenario.<br \/>\n<strong>Usos<\/strong>: conciertos, recepciones, cenas, conferencias y proyecciones<br \/>\n<strong>Tasas:<\/strong> Jornada completa: 2.500\u20ac (7 h). Hora adicional: 250\u20ac<\/p>\n<h3>Revell\u00edn<\/h3>\n<p style=\"text-align: justify;\">Ubicaci\u00f3n: Paseo de ronda desde la torre de poniente a la torre sur<br \/>\n<strong>Capacidad :<\/strong><br \/>\n&#8211; 300 pax de pie<br \/>\n&#8211; 200 pax sentadas en mesas<br \/>\n<strong>Usos:<\/strong> recepciones y cenas<br \/>\n<strong>Tasas:<\/strong> Jornada completa: 1.500\u20ac (7 h). Hora adicional: 250\u20ac<\/p>\n<h3>Sala de conferencias<\/h3>\n<p><strong>Capacidad<\/strong>: 60 pax.<br \/>\n\u2022Equipamiento t\u00e9cnico: Pantalla y proyector de v\u00eddeo, 2 puntos de megafon\u00eda fija, PC, Rack de sonido y v\u00eddeo<br \/>\n<strong>Usos:<\/strong> Cursos, seminarios, congresos o jornadas, presentaciones, etc.<br \/>\n<strong>Tasas<\/strong>: Jornada completa: 600\u20ac (7 h). Hora adicional: 250\u20ac<\/p>\n<h3>Capilla<\/h3>\n<p><strong>Capacidad:<\/strong> 100 pax<br \/>\n<strong>Usos:<\/strong> Cursos, seminarios, congresos, jornadas, presentaciones, actividades musicales, exposiciones temporales, actos protocolarios, etc.<br \/>\n<strong>Tasas<\/strong>: Jornada completa: 400\u20ac (7 horas). Hora adicional: 250\u20ac<\/p>\n<h3 style=\"text-align: justify;\">Detalles<\/h3>\n<ul>\n<li style=\"text-align: justify;\"><span style=\"font-weight: 400;\">\u00bfQu\u00e9 tipo de eventos se puede celebrar en el espacio?: Bodas, recepciones, cenas, cursos, seminarios, congresos, jornadas, presentaciones, actividades musicales, exposiciones temporales, actos protocolarios.<\/span><\/li>\n<li style=\"text-align: justify;\"><span style=\"font-weight: 400;\">Precio alquiler (desde y hasta): Desde 400\u20ac hasta 2.500\u20ac (depende del espacio elegido y cuantas horas)<\/span><\/li>\n<li><span style=\"font-weight: 400;\">Capacidad: hasta 450 invitados<\/span><\/li>\n<li style=\"text-align: justify;\"><span style=\"font-weight: 400;\">\u00bfTen\u00e9is alojamiento?: No<\/span><\/li>\n<li style=\"text-align: justify;\"><span style=\"font-weight: 400;\">Capacidad: hasta 450 invitados<\/span><\/li>\n<li style=\"text-align: justify;\"><span style=\"font-weight: 400;\">\u00bfCu\u00e1l es el recargo en caso de no llegar al m\u00ednimo de invitados?: 59\u20ac por persona<\/span><\/li>\n<li style=\"text-align: justify;\"><span style=\"font-weight: 400;\">\u00bfTen\u00e9is l\u00edmite de hora en las celebraciones?: S\u00ed, hasta la 01 h de la madrugada (de octubre a marzo) y hasta las 02 h de la madrugada (de abril a septiembre)<\/span><\/li>\n<li style=\"text-align: justify;\"><span style=\"font-weight: 400;\">\u00bfCelebras m\u00e1s de un evento al d\u00eda?: S\u00ed<\/span><\/li>\n<li style=\"text-align: justify;\"><span style=\"font-weight: 400;\">\u00bfTen\u00e9is exclusividad fot\u00f3grafo\/m\u00fasica\/florista?: No<\/span><\/li>\n<li style=\"text-align: justify;\"><span style=\"font-weight: 400;\">\u00bfC\u00f3mo se efect\u00faa el pago?: Mediante transferencia bancaria<\/span><\/li>\n<li style=\"text-align: justify;\"><span style=\"font-weight: 400;\">\u00bfAcept\u00e1is mascotas?: No<\/span><\/li>\n<\/ul>\n<h2 style=\"text-align: justify;\">C\u00f3mo llegar al Castillo de Bellver:<\/h2>\n<p style=\"text-align: justify;\">El Castillo de Bellver est\u00e1 ubicado cerca del paseo mar\u00edtimo de Palma, el camino hacia el castillo parte de la importante Avenida Joan Mir\u00f3.<\/p>\n<ul>\n<li style=\"text-align: justify;\">Acceso en veh\u00edculo particular, por c\/Camilo Jos\u00e9 Cela. Aparcamiento de 4.500 metros cuadrados de superficie<\/li>\n<li style=\"text-align: justify;\">Bus 50 (bus tur\u00edstico). Parada Castillo de Bellver<\/li>\n<li style=\"text-align: justify;\">Parada de Taxis al inicio de la c\/ Camilo Jos\u00e9 Cela<\/li>\n<\/ul>\n<p><\/p>","protected":false},"featured_media":38051,"comment_status":"closed","ping_status":"closed","template":"","meta":{"_job_location":"Castell de Bellver de Camilo Jos\u00e9 Cela s\/n. 07014 Palma (Illes Balears)","_company_website":"","_company_tagline":"El castillo fue construido entre 1300 y 1311 por orden directa del rey Jaime II de Mallorca. Se pueden celebrar bodas y otros eventos hasta 450 invitados.","_company_twitter":"","_filled":0,"_featured":0},"job_listing_region":[107],"job-categories":[819,1368,1249,98],"venue_type":[141,138,139],"wedding_style":[],"class_list":["post-38022","job_listing","type-job_listing","status-publish","has-post-thumbnail","hentry","job_listing_region-balearic-islands","job_listing_category-anniversary","job_listing_category-elopement","job_listing_category-mice-venues","job_listing_category-wedding","people-246","budget-216","venue_type-in-the-city","venue_type-astle-palace","venue_type-coastal-venue","other-outside-space","job_listing_tag-bellver-castle-majorca","job_listing_tag-castillo-de-bellver","job_listing_tag-mallorca-venue","job_listing_tag-mallorca-wedding-venue"],"_links":{"self":[{"href":"https:\/\/perfectvenue.es\/es\/wp-json\/wp\/v2\/job-listings\/38022","targetHints":{"allow":["GET"]}}],"collection":[{"href":"https:\/\/perfectvenue.es\/es\/wp-json\/wp\/v2\/job-listings"}],"about":[{"href":"https:\/\/perfectvenue.es\/es\/wp-json\/wp\/v2\/types\/job_listing"}],"replies":[{"embeddable":true,"href":"https:\/\/perfectvenue.es\/es\/wp-json\/wp\/v2\/comments?post=38022"}],"wp:featuredmedia":[{"embeddable":true,"href":"https:\/\/perfectvenue.es\/es\/wp-json\/wp\/v2\/media\/38051"}],"wp:attachment":[{"href":"https:\/\/perfectvenue.es\/es\/wp-json\/wp\/v2\/media?parent=38022"}],"wp:term":[{"taxonomy":"job_listing_region","embeddable":true,"href":"https:\/\/perfectvenue.es\/es\/wp-json\/wp\/v2\/job_listing_region?post=38022"},{"taxonomy":"job_listing_category","embeddable":true,"href":"https:\/\/perfectvenue.es\/es\/wp-json\/wp\/v2\/job-categories?post=38022"},{"taxonomy":"venue_type","embeddable":true,"href":"https:\/\/perfectvenue.es\/es\/wp-json\/wp\/v2\/venue_type?post=38022"},{"taxonomy":"wedding_style","embeddable":true,"href":"https:\/\/perfectvenue.es\/es\/wp-json\/wp\/v2\/wedding_style?post=38022"}],"curies":[{"name":"wp","href":"https:\/\/api.w.org\/{rel}","templated":true}]}}