{"id":32356,"date":"2021-11-22T13:56:16","date_gmt":"2021-11-22T10:56:16","guid":{"rendered":"https:\/\/perfectvenue.es\/?post_type=job_listing&#038;p=32356"},"modified":"2024-04-03T12:27:50","modified_gmt":"2024-04-03T09:27:50","slug":"finca-torrefiel","status":"publish","type":"job_listing","link":"https:\/\/perfectvenue.es\/es\/listings\/finca-torrefiel\/","title":{"rendered":"Finca Torrefiel"},"content":{"rendered":"<p><\/p>\n<h2 style=\"text-align: justify;\">Historia<\/h2>\n<p style=\"text-align: justify;\">Sorprended a vuestros invitados con una celebraci\u00f3n por todo lo alto en este establecimiento valenciano, situado en un entorno de excepci\u00f3n. Torrefiel es un lugar precioso, ubicado en Fontanars dels Alforins, una zona privilegiada de la provincia donde podr\u00e9is disfrutar de bellos espacios interiores e incre\u00edbles zonas al aire libre. Noble edificio propiedad de los Condes de Torrefiel, cuyo t\u00edtulo nobiliario les fue concecido a sus propietarios en 1.816 por S.M. Fernando VII. Un lugar id\u00edlico para organizar vuestra celebraci\u00f3n.<\/p>\n<h2 style=\"text-align: justify;\">Bodas y Eventos<\/h2>\n<p style=\"text-align: justify;\">Torrefiel dispone de diversos espacios para crear ambientes \u00fanicos y distinguidos. Vosotros elegir\u00e9is qu\u00e9 zona prefer\u00eds para ubicar el banquete, tanto en el interior como el exterior de la finca. Son lugares de gran belleza, muy luminosos, que seguramente enamorar\u00e1n a todos vuestros invitados.<\/p>\n<p style=\"text-align: justify;\"><strong>Sal\u00f3n biblioteca (conectado con terraza cubierta):<\/strong> zona amplia y muy luminosa. Cuenta con una decoraci\u00f3n sobria y elegante que propicia un espacio acogedor tanto para eventos de verano, en los que el sal\u00f3n se conecta con la terraza, la cual se deja abierta (si se desea), como para eventos en invierno en los que la terraza se cierra completamente, permitiendo a vuestros invitados poder disfrutar del paisaje a trav\u00e9s de sus ventanales manteniendo una temperatura agradable en su interior.<\/p>\n<p style=\"text-align: justify;\"><strong>Terraza:<\/strong> si se desea, se puede realizar el montaje del banquete utilizando \u00fanicamente la terraza, maravillosa estancia (cubierta o descubierta, seg\u00fan se desee), ideal para disfrutar del entorno y poder realizar una preciosa celebraci\u00f3n al aire libre. Dicha terraza cuenta adem\u00e1s con climatizaci\u00f3n (fr\u00edo y calor).<\/p>\n<p style=\"text-align: justify;\"><strong>Zona ajardinada:<\/strong> la finca dispone de amplias extensiones de c\u00e9sped pensadas y habilitadas para realizar todo tipo de montajes. La organizaci\u00f3n dispondr\u00e1 el espacio de manera que tanto iluminaci\u00f3n como decoraci\u00f3n lo vistan de romanticismo.<\/p>\n<p style=\"text-align: justify;\"><strong>Capilla:<\/strong> peque\u00f1a y acogedora capilla coronada por la Virgen de los Desamparados (Conocida como la Xeperudeta). Data del 1800, pero fue rehabilitada en 1915. Tiene una capacidad de unas 40-50 personas, pudiendo dejar las puertas abiertas para mayor visibilidad. Dispone de zona para coro.<\/p>\n<ul>\n<li>Zona de baile<\/li>\n<li>Parking<\/li>\n<li>Servicios que ofrece<\/li>\n<\/ul>\n<p style=\"text-align: justify;\">La organizaci\u00f3n se distingue por su trato amable y la calidad de sus prestaciones. Os ofrecer\u00e1n todos los servicios necesarios para que vuestra celebraci\u00f3n sea un \u00e9xito. El experto equipo de Finca Torrefiel os asesorar\u00e1 y ayudar\u00e1 en todo lo necesario, vosotros tan s\u00f3lo tendr\u00e9is que pedir aquello que dese\u00e9is:<\/p>\n<ul>\n<li>Banquete<\/li>\n<li>Ceremonia<\/li>\n<li>Fotograf\u00eda<\/li>\n<li>M\u00fasica<\/li>\n<li>Transporte<\/li>\n<li>Decoraci\u00f3n<\/li>\n<li>Gastronom\u00eda<\/li>\n<\/ul>\n<p>Torrefiel cuenta en su cocina con Natxo Sell\u00e9s, reputado restaurante en Cocentaina.<\/p>\n<h3 style=\"text-align: justify;\">Detalles<\/h3>\n<ul>\n<li style=\"text-align: justify;\"><span style=\"font-weight: 400;\">\u00bfQu\u00e9 tipo de eventos se puede celebrar en el espacio?: Bodas, comuniones, eventos de empresa<\/span><\/li>\n<li style=\"text-align: justify;\"><span style=\"font-weight: 400;\">Precio alquiler (desde y hasta): No hay<\/span><\/li>\n<li style=\"text-align: justify;\"><span style=\"font-weight: 400;\">Precio men\u00fa por persona (desde y hasta): 90\u20ac &#8211; 130\u20ac<\/span><\/li>\n<li style=\"text-align: justify;\"><span style=\"font-weight: 400;\">\u00bfTen\u00e9is cocina propia? \u00bfQu\u00e9 tipo de cocina sirves?: Se cocina en la finca de la mano de Natxo Sell\u00e9s Restaurante de Cocentaina. Nuestra cocina es cocina tradicional con toques de autor.<\/span><\/li>\n<li style=\"text-align: justify;\"><span style=\"font-weight: 400;\">\u00bfTen\u00e9is alojamiento?: No<\/span><\/li>\n<li style=\"text-align: justify;\"><span style=\"font-weight: 400;\">N\u00ba de invitados (desde y hasta): desde 120 hasta 270<\/span><\/li>\n<li style=\"text-align: justify;\"><span style=\"font-weight: 400;\">\u00bfCu\u00e1l es el recargo en caso de no llegar al m\u00ednimo de invitados?: 40\u20ac IVA inclu\u00eddo <\/span><\/li>\n<li style=\"text-align: justify;\"><span style=\"font-weight: 400;\">\u00bfCelebras m\u00e1s de un evento al d\u00eda?: No<\/span><\/li>\n<li style=\"text-align: justify;\"><span style=\"font-weight: 400;\">\u00bfTen\u00e9is exclusividad fot\u00f3grafo\/m\u00fasica\/florista?: No, pero recomendamos que se conozcan a nuestros florista y empresa de audiovisuales.<\/span><\/li>\n<li>\n<div class=\"freebirdFormviewerViewItemsItemItemTitle exportItemTitle freebirdCustomFont\" role=\"heading\" aria-level=\"3\" aria-describedby=\"i.desc.1823366370\"><span style=\"color: inherit; font-family: inherit; font-size: inherit;\">\u00bfDispones de acceso para discapacitados? <\/span><span style=\"color: inherit; font-family: inherit; font-size: inherit;\">S\u00ed<\/span><\/div>\n<\/li>\n<li>\n<div class=\"freebirdFormviewerViewItemsItemItemHeader\">\n<div class=\"freebirdFormviewerViewItemsItemItemTitleDescContainer\">\n<div class=\"freebirdFormviewerViewItemsItemItemTitleContainer\">\n<div class=\"freebirdFormviewerViewItemsItemItemTitle exportItemTitle freebirdCustomFont\" role=\"heading\" aria-level=\"3\" aria-describedby=\"i.desc.1823366370\">\u00bfC\u00f3mo se efect\u00faa el pago? <span style=\"color: inherit; font-family: inherit; font-size: inherit;\">Transferencia bancaria<\/span><\/div>\n<div role=\"heading\" aria-level=\"3\" aria-describedby=\"i.desc.1823366370\"><\/div>\n<\/div>\n<\/div>\n<\/div>\n<\/li>\n<li style=\"text-align: justify;\"><span style=\"font-weight: 400;\">\u00bfAcept\u00e1is mascotas? No, salvo que tenga un cuidador continuamente con ella.<\/span><\/li>\n<li>\u00bfEn que idiomas pod\u00e9is atender a los clientes? Espa\u00f1ol, ingl\u00e9s y valenciano<\/li>\n<\/ul>\n<h2 style=\"text-align: justify;\">C\u00f3mo llegar a Finca Torrefiel<\/h2>\n<p style=\"text-align: justify;\">Finca Torrefiel, s\/n, 46635 Fontanars dels Alforins, Val\u00e8ncia<\/p>\n<ul>\n<li style=\"text-align: justify;\">Coordenadas GPS: 38.805286,-0.752627<\/li>\n<\/ul>\n<p><\/p>","protected":false},"featured_media":27683,"comment_status":"open","ping_status":"closed","template":"","meta":{"_job_location":"Finca Torrefiel, s\/n, 46635 Fontanars dels Alforins, Val\u00e8ncia","_company_website":"","_company_tagline":"Noble edificio propiedad de los Condes de Torrefiel, cuyo t\u00edtulo nobiliario les fue concecido a sus propietarios en 1.816 por S.M. Fernando VII.","_company_twitter":"","_filled":0,"_featured":0},"job_listing_region":[120],"job-categories":[819,823,98],"venue_type":[138,192],"wedding_style":[],"class_list":["post-32356","job_listing","type-job_listing","status-publish","has-post-thumbnail","hentry","job_listing_region-valencian-community","job_listing_category-anniversary","job_listing_category-engagement-party","job_listing_category-wedding","people-4605","accommodation-no","venue_type-astle-palace","venue_type-espacio-unico","other-outside-space","job_listing_tag-espacio-bodas-valencia","job_listing_tag-finca-boda","job_listing_tag-finca-torrefiel","job_listing_tag-wedding-valencia"],"_links":{"self":[{"href":"https:\/\/perfectvenue.es\/es\/wp-json\/wp\/v2\/job-listings\/32356","targetHints":{"allow":["GET"]}}],"collection":[{"href":"https:\/\/perfectvenue.es\/es\/wp-json\/wp\/v2\/job-listings"}],"about":[{"href":"https:\/\/perfectvenue.es\/es\/wp-json\/wp\/v2\/types\/job_listing"}],"replies":[{"embeddable":true,"href":"https:\/\/perfectvenue.es\/es\/wp-json\/wp\/v2\/comments?post=32356"}],"wp:featuredmedia":[{"embeddable":true,"href":"https:\/\/perfectvenue.es\/es\/wp-json\/wp\/v2\/media\/27683"}],"wp:attachment":[{"href":"https:\/\/perfectvenue.es\/es\/wp-json\/wp\/v2\/media?parent=32356"}],"wp:term":[{"taxonomy":"job_listing_region","embeddable":true,"href":"https:\/\/perfectvenue.es\/es\/wp-json\/wp\/v2\/job_listing_region?post=32356"},{"taxonomy":"job_listing_category","embeddable":true,"href":"https:\/\/perfectvenue.es\/es\/wp-json\/wp\/v2\/job-categories?post=32356"},{"taxonomy":"venue_type","embeddable":true,"href":"https:\/\/perfectvenue.es\/es\/wp-json\/wp\/v2\/venue_type?post=32356"},{"taxonomy":"wedding_style","embeddable":true,"href":"https:\/\/perfectvenue.es\/es\/wp-json\/wp\/v2\/wedding_style?post=32356"}],"curies":[{"name":"wp","href":"https:\/\/api.w.org\/{rel}","templated":true}]}}