{"id":22321,"date":"2019-07-09T12:40:47","date_gmt":"2019-07-09T09:40:47","guid":{"rendered":"https:\/\/perfectvenue.es\/?post_type=job_listing&#038;p=22321"},"modified":"2020-06-07T17:50:34","modified_gmt":"2020-06-07T14:50:34","slug":"maxime-restaurant-mallorca","status":"publish","type":"job_listing","link":"https:\/\/perfectvenue.es\/es\/listings\/maxime-restaurant-mallorca\/","title":{"rendered":"El Restaurante M\u00e1xime, Mallorca"},"content":{"rendered":"<p><\/p>\n<h2>Descripci\u00f3n<\/h2>\n<p style=\"text-align: justify;\"><span style=\"font-weight: 400;\"><strong>El Restaurante M\u00e1xime<\/strong> est\u00e1 situado en un enclave privilegiado, en la <strong>costa de Portocolom de Mallorca<\/strong>, con unas espectaculares vistas al mar Mediterr\u00e1neo y rodeado por el incre\u00edble campo de golf Vall d\u2019Or. Este restaurante para bodas en Mallorca tiene <strong>capacidad para 200 invitados<\/strong>, dispone de dos terrazas, una p\u00e9rgola y una sala interior acristalada. Se trata de un <strong>lugar perfecto para celebrar una inolvidable y rom\u00e1ntica ceremonia en las Islas Baleares<\/strong>.\u00a0\u00a0<\/span><\/p>\n<h2>Bodas y Eventos<\/h2>\n<p style=\"text-align: justify;\"><span style=\"font-weight: 400;\">El restaurante cuenta con todos los servicios necesarios para celebrar <strong>cualquier tipo de banquete<\/strong>, convite o evento. Cuenta con un entorno id\u00edlico y una rom\u00e1ntica decoraci\u00f3n, que puede adaptarse a los gustos de los novios. M\u00e1xime te ofrece tambi\u00e9n la posibilidad de organizar all\u00ed tu <strong>ceremonia civil,<\/strong> gracias al equipo de profesionales con los que cuenta.\u00a0<\/span><\/p>\n<p style=\"text-align: justify;\"><span style=\"font-weight: 400;\">La cocina est\u00e1 a cargo del <strong>prestigioso chef M\u00e1xime Deymier<\/strong>, encargado de los suculentos platos y men\u00fas realizados en el restaurante, donde mezcla la comida tradicional con innovaciones para que el banquete, adem\u00e1s de exquisito, sea original y diferente.\u00a0<\/span><\/p>\n<h3>Detalles<\/h3>\n<ul>\n<li><span style=\"font-weight: 400;\">\u00bfQue tipo de eventos se puede celebrar en el espacio?: Bodas, Comuniones, Bautizos, Cumplea\u00f1os, Cena de Gala, Torneo de golf<\/span><\/li>\n<li><span style=\"font-weight: 400;\">Precio alquiler (desde y hasta):<\/span> <span style=\"font-weight: 400;\">de 0\u20ac hasta 1500\u20ac<\/span><\/li>\n<li><span style=\"font-weight: 400;\">Precio men\u00fa por persona: de 110\u20ac hasta 200\u20ac<\/span><\/li>\n<li><span style=\"font-weight: 400;\">\u00bfTen\u00e9is cocina propia? \u00bfQu\u00e9 tipo de cocina sirves?: Si, cocina mediterr\u00e1nea y de fusi\u00f3n<\/span><\/li>\n<li><span style=\"font-weight: 400;\">\u00bfTen\u00e9is alojamiento?: No<\/span><\/li>\n<li><span style=\"font-weight: 400;\">N\u00ba de invitados (desde y hasta): de 20 a 200<\/span><\/li>\n<li><span style=\"font-weight: 400;\">\u00bfCu\u00e1l es el recargo en caso de no llegar al m\u00ednimo de invitados?: No existe<\/span><\/li>\n<li><span style=\"font-weight: 400;\">\u00bfTen\u00e9is l\u00edmite de hora en las celebraciones?: hasta las 5.00 de la madrugada<\/span><\/li>\n<li><span style=\"font-weight: 400;\">\u00bfCelebras m\u00e1s de un evento al d\u00eda?: No<\/span><\/li>\n<li><span style=\"font-weight: 400;\">\u00bfTen\u00e9is exclusividad fot\u00f3grafo\/m\u00fasica\/florista?: No<\/span><\/li>\n<li><span style=\"font-weight: 400;\">\u00bfC\u00f3mo se efect\u00faa el pago?: Por transferencia bancaria o tarjeta de cr\u00e9dito<\/span><\/li>\n<li><span style=\"font-weight: 400;\">\u00bfDispones de acceso para discapacitados?: Si<\/span><\/li>\n<li><span style=\"font-weight: 400;\">\u00bfAcept\u00e1is mascotas?: No<\/span><\/li>\n<\/ul>\n<h2>C\u00f3mo llegar<\/h2>\n<ul>\n<li><span style=\"font-weight: 400;\">Latitud: 39\u00ba 25\u2019 33.942\u2019\u2019<\/span><\/li>\n<li><span style=\"font-weight: 400;\">Longitud: 3\u00ba 15\u2019 53.02\u2019\u2019<\/span><\/li>\n<li><span style=\"font-weight: 400;\">Altura: 13 metros<\/span><\/li>\n<\/ul>\n<p><\/p>","protected":false},"featured_media":22328,"comment_status":"open","ping_status":"closed","template":"","meta":{"_job_location":"Ctra. Cala d'Or - Porto Colom, km. 7,7 07669 Felanitx, Islas Baleares, Spain","_company_website":"","_company_tagline":"El restaurante M\u00e1xime es un espectacular espacio para bodas situado en Mallorca, con gran variedad de espacios y capacidad para 200 invitados.","_company_twitter":"@perfectvenue_es","_filled":0,"_featured":0},"job_listing_region":[107],"job-categories":[819,1368,823,98],"venue_type":[145],"wedding_style":[],"class_list":["post-22321","job_listing","type-job_listing","status-publish","has-post-thumbnail","hentry","job_listing_region-balearic-islands","job_listing_category-anniversary","job_listing_category-elopement","job_listing_category-engagement-party","job_listing_category-wedding","people-167","budget-1388","accommodation-no","venue_type-gardensmarquee-site","other-outside-space","job_listing_tag-boda-en-mallorca","job_listing_tag-mallorca-wedding","job_listing_tag-mallorca-wedding-venue","job_listing_tag-restaurante-bodas"],"_links":{"self":[{"href":"https:\/\/perfectvenue.es\/es\/wp-json\/wp\/v2\/job-listings\/22321","targetHints":{"allow":["GET"]}}],"collection":[{"href":"https:\/\/perfectvenue.es\/es\/wp-json\/wp\/v2\/job-listings"}],"about":[{"href":"https:\/\/perfectvenue.es\/es\/wp-json\/wp\/v2\/types\/job_listing"}],"replies":[{"embeddable":true,"href":"https:\/\/perfectvenue.es\/es\/wp-json\/wp\/v2\/comments?post=22321"}],"wp:featuredmedia":[{"embeddable":true,"href":"https:\/\/perfectvenue.es\/es\/wp-json\/wp\/v2\/media\/22328"}],"wp:attachment":[{"href":"https:\/\/perfectvenue.es\/es\/wp-json\/wp\/v2\/media?parent=22321"}],"wp:term":[{"taxonomy":"job_listing_region","embeddable":true,"href":"https:\/\/perfectvenue.es\/es\/wp-json\/wp\/v2\/job_listing_region?post=22321"},{"taxonomy":"job_listing_category","embeddable":true,"href":"https:\/\/perfectvenue.es\/es\/wp-json\/wp\/v2\/job-categories?post=22321"},{"taxonomy":"venue_type","embeddable":true,"href":"https:\/\/perfectvenue.es\/es\/wp-json\/wp\/v2\/venue_type?post=22321"},{"taxonomy":"wedding_style","embeddable":true,"href":"https:\/\/perfectvenue.es\/es\/wp-json\/wp\/v2\/wedding_style?post=22321"}],"curies":[{"name":"wp","href":"https:\/\/api.w.org\/{rel}","templated":true}]}}