{"id":21959,"date":"2019-09-03T16:16:57","date_gmt":"2019-09-03T13:16:57","guid":{"rendered":"https:\/\/perfectvenue.es\/?post_type=job_listing&#038;p=21959"},"modified":"2022-11-15T14:14:39","modified_gmt":"2022-11-15T11:14:39","slug":"finca-aldeallana","status":"publish","type":"job_listing","link":"https:\/\/perfectvenue.es\/es\/listings\/finca-aldeallana\/","title":{"rendered":"Finca Aldeallana"},"content":{"rendered":"<p><\/p>\n<h2 style=\"text-align: justify;\">Historia<\/h2>\n<p style=\"text-align: justify;\"><span style=\"font-weight: 400;\"><strong>La Finca Aldeallana<\/strong> est\u00e1 situada en Valdeprados, a tan solo 20 km de Segovia y 75 km de Madrid, por lo que es ideal como <\/span><strong>finca de boda en Segovia<\/strong><span style=\"font-weight: 400;\">. Goza de una perfecta ubicaci\u00f3n, rodeada con m\u00e1s de 300 hect\u00e1reas de encinas y pinos. La Finca Aldeallana dispone de salones con chimeneas, suelos de pizarra y enormes ventanales con incre\u00edbles vistas al exterior. <\/span><\/p>\n<h2 style=\"text-align: justify;\">Bodas y Eventos<\/h2>\n<p style=\"text-align: justify;\"><span style=\"font-weight: 400;\">En la <\/span><span style=\"font-weight: 400;\">finca de boda de Segovia<\/span><span style=\"font-weight: 400;\">, Aldeallana, hay una <strong>gran variedad de espacios<\/strong> tanto interiores como exteriores perfectos para cualquier tipo de celebraci\u00f3n o evento. Si dese\u00e1is una boda civil, los jardines que rodean esta mas\u00eda ofrecen <strong>un lugar lleno de romanticismo<\/strong> y perfecto para ocasi\u00f3n. Si prefer\u00eds una boda religiosa, la iglesia Santa Eulalia de M\u00e9rida est\u00e1 unida a la finca por un incre\u00edble camino rural. Tambi\u00e9n est\u00e1s pr\u00f3ximas otras iglesias como la de Vegas de Matute y Otero de Herreros. <\/span><\/p>\n<p style=\"text-align: justify;\"><span style=\"font-weight: 400;\">La gran zona ajardinada de la finca es ideal para organizar un almuerzo o c\u00f3ctel al aire libre con unas <strong>espectaculares vistas<\/strong> al entorno. Dispone tambi\u00e9n de zonas cubiertas como su precioso pabell\u00f3n acristalado situado entre las encinas de su jard\u00edn. <\/span><\/p>\n<h2 style=\"text-align: justify;\">Detalles<\/h2>\n<ul>\n<li style=\"text-align: justify;\"><span style=\"font-weight: 400;\">\u00bfQu\u00e9 tipo de eventos se puede celebrar en el espacio?: Bodas, Despedidas de soltero, escapadas fin de semana, eventos corporativos. Todo tipo de eventos.<\/span><\/li>\n<li style=\"text-align: justify;\"><span style=\"font-weight: 400;\">Precio alquiler (desde y hasta):<\/span> <span style=\"font-weight: 400;\">Desde 2500\u20ac + IVA hasta 5500\u20ac + IVA<\/span><\/li>\n<li style=\"text-align: justify;\"><span style=\"font-weight: 400;\">Precio men\u00fa por persona (desde y hasta): Desde 150\u20ac +IVA hasta 165\u20ac +IVA<\/span><\/li>\n<li style=\"text-align: justify;\"><span style=\"font-weight: 400;\">\u00bfTen\u00e9is cocina propia? \u00bfQu\u00e9 tipo de cocina sirves?: Exclusividad catering Ciboulette<\/span><\/li>\n<li style=\"text-align: justify;\"><span style=\"font-weight: 400;\">\u00bfTen\u00e9is alojamiento?: Zona alojamiento en reforma. Hotel en construcci\u00f3n (fin obras en septiembre 2019)<\/span><\/li>\n<li style=\"text-align: justify;\"><span style=\"font-weight: 400;\">\u00bfCu\u00e1ntas habitaciones tiene? (Si, ten\u00e9is alojamiento):5+ suite de novios.<\/span><\/li>\n<li style=\"text-align: justify;\"><span style=\"font-weight: 400;\">N\u00ba de invitados (desde y hasta): Desde 100 invitados hasta 450 invitados<\/span><\/li>\n<li style=\"text-align: justify;\"><span style=\"font-weight: 400;\">\u00bfCu\u00e1l es el recargo en caso de no llegar al m\u00ednimo de invitados?: Pagar el precio por el m\u00ednimo de invitados.<\/span><\/li>\n<li style=\"text-align: justify;\"><span style=\"font-weight: 400;\">\u00bfCelebras m\u00e1s de un evento al d\u00eda?: No<\/span><\/li>\n<li style=\"text-align: justify;\"><span style=\"font-weight: 400;\">\u00bfTen\u00e9is exclusividad fot\u00f3grafo\/m\u00fasica\/florista?: Exclusividad con catering y m\u00fasica. (Ciboulette &amp; Dandoteritmo)<\/span><\/li>\n<li style=\"text-align: justify;\"><span style=\"font-weight: 400;\">\u00bfC\u00f3mo se efect\u00faa el pago?: Transferencia bancaria<\/span><\/li>\n<li style=\"text-align: justify;\"><span style=\"font-weight: 400;\">\u00bfDispones de acceso para discapacitados?: Si<\/span><\/li>\n<li style=\"text-align: justify;\"><span style=\"font-weight: 400;\">\u00bfAcept\u00e1is mascotas?: Si<\/span><\/li>\n<\/ul>\n<h2 style=\"text-align: justify;\">C\u00f3mo llegar a Finca Aldeallana<\/h2>\n<p style=\"text-align: justify;\"><span style=\"font-weight: 400;\">La Finca Aldeallana se encuentra ubicada en Valdeprados (Segovia), a tan solo 75 kil\u00f3metros de Madrid. <\/span><\/p>\n<ul>\n<li style=\"text-align: justify;\"><span style=\"font-weight: 400;\">Latitud: 40\u00ba 49\u2019 37.149\u2019\u2019<\/span><\/li>\n<li style=\"text-align: justify;\"><span style=\"font-weight: 400;\">Longitud: 4\u00ba 16\u2019 23.762\u2019\u2019<\/span><\/li>\n<li style=\"text-align: justify;\"><span style=\"font-weight: 400;\">Altitud: 993 metros<\/span><\/li>\n<\/ul>\n<p><\/p>","protected":false},"featured_media":22540,"comment_status":"open","ping_status":"closed","template":"","meta":{"_job_location":"N-110, Km. 211, 40423 Valdeprados, Segovia","_company_website":"","_company_tagline":"La Finca Aldeallana es uno de los lugares m\u00e1s exclusivos de Segovia. Un lugar perfecto para celebrar una boda tanto en oto\u00f1o como en primavera","_company_twitter":"","_filled":0,"_featured":0},"job_listing_region":[112],"job-categories":[819,823,98],"venue_type":[142,145],"wedding_style":[],"class_list":["post-21959","job_listing","type-job_listing","status-publish","has-post-thumbnail","hentry","job_listing_region-castilla-y-leon","job_listing_category-anniversary","job_listing_category-engagement-party","job_listing_category-wedding","people-246","budget-2-500","accommodation-yes","venue_type-mountain-view","venue_type-gardensmarquee-site","other-outside-space","other-car-parking","other-dog-friendly","job_listing_tag-boda-en-madrid","job_listing_tag-country-house-in-madrid","job_listing_tag-finca-bodas","job_listing_tag-finca-madrid","job_listing_tag-wedding-in-madrid","job_listing_tag-1367"],"_links":{"self":[{"href":"https:\/\/perfectvenue.es\/es\/wp-json\/wp\/v2\/job-listings\/21959","targetHints":{"allow":["GET"]}}],"collection":[{"href":"https:\/\/perfectvenue.es\/es\/wp-json\/wp\/v2\/job-listings"}],"about":[{"href":"https:\/\/perfectvenue.es\/es\/wp-json\/wp\/v2\/types\/job_listing"}],"replies":[{"embeddable":true,"href":"https:\/\/perfectvenue.es\/es\/wp-json\/wp\/v2\/comments?post=21959"}],"wp:featuredmedia":[{"embeddable":true,"href":"https:\/\/perfectvenue.es\/es\/wp-json\/wp\/v2\/media\/22540"}],"wp:attachment":[{"href":"https:\/\/perfectvenue.es\/es\/wp-json\/wp\/v2\/media?parent=21959"}],"wp:term":[{"taxonomy":"job_listing_region","embeddable":true,"href":"https:\/\/perfectvenue.es\/es\/wp-json\/wp\/v2\/job_listing_region?post=21959"},{"taxonomy":"job_listing_category","embeddable":true,"href":"https:\/\/perfectvenue.es\/es\/wp-json\/wp\/v2\/job-categories?post=21959"},{"taxonomy":"venue_type","embeddable":true,"href":"https:\/\/perfectvenue.es\/es\/wp-json\/wp\/v2\/venue_type?post=21959"},{"taxonomy":"wedding_style","embeddable":true,"href":"https:\/\/perfectvenue.es\/es\/wp-json\/wp\/v2\/wedding_style?post=21959"}],"curies":[{"name":"wp","href":"https:\/\/api.w.org\/{rel}","templated":true}]}}