{"id":21143,"date":"2024-09-03T17:14:43","date_gmt":"2024-09-03T14:14:43","guid":{"rendered":"https:\/\/perfectvenue.es\/?post_type=job_listing&#038;p=21143"},"modified":"2024-10-03T20:32:16","modified_gmt":"2024-10-03T17:32:16","slug":"castell-de-tous","status":"publish","type":"job_listing","link":"https:\/\/perfectvenue.es\/es\/listings\/castell-de-tous\/","title":{"rendered":"El Castell de Tous"},"content":{"rendered":"<p><\/p>\n<h2>Historia<\/h2>\n<p style=\"text-align: justify;\"><span style=\"font-weight: 400;\">El Castell de Tous, ubicado muy pr\u00f3ximo a Barcelona, cuenta con m\u00e1s de 1.000 a\u00f1os de historia. Este m\u00edtico castillo de la famosa comarca catalana de Anoia, volvi\u00f3 a abrir sus puertas completamente reformado en el a\u00f1o 2017, gracias a la gesti\u00f3n de la empresa UAUU wedding &amp; events. Esta fortificaci\u00f3n medieval, fue construida en 960 y cuenta con una capacidad para 150 personas. <\/span><\/p>\n<p style=\"text-align: justify;\"><span style=\"font-weight: 400;\">La comarca Anoia fue durante muchos siglos una tierra fronteriza y muy famosa por sus castillos. El Castell de Tous ha sido una de las grandes joyas y reliquias que se conservan de esa \u00e9poca y una de las mejores conservadas debido a los propietarios que han ido viviendo en \u00e9l de forma ininterrumpida; primero la familia Tous, y posteriormente los hermanos Jer\u00f3nimos de la la Murtra del Vall de Badalona. En 1918 fue comprado por la familia Rojas y que ha permanecido en el castillo hasta la actualidad. <\/span><\/p>\n<p style=\"text-align: justify;\"><span style=\"font-weight: 400;\">El Castell de Tous es, arquitect\u00f3nicamente hablando, una casa se\u00f1orial de piedra cuyo elemento m\u00e1s destacable es su impresionante torre cuadrada. Mantiene todav\u00eda muchos de los rincones m\u00e1s curiosos de la \u00e9poca como la bodega que se usaba de despensa o una habitaci\u00f3n que sigue intacta desde el siglo XVIII con una cama policromada. <\/span><\/p>\n<h2>Bodas y Eventos<\/h2>\n<p style=\"text-align: justify;\"><span style=\"font-weight: 400;\">El Castell de Tous cuenta con varios espacios y rincones diferentes para poder celebrar en ellos cualquier tipo de evento, celebraci\u00f3n o boda. Adem\u00e1s, recibir\u00e1s un trato completamente personalizado y exclusivo que har\u00e1n que cada acto sea \u00fanico. <\/span><\/p>\n<p style=\"text-align: justify;\"><span style=\"font-weight: 400;\">Dispone de un espacio ajardinado en el que poder realizar la ceremonia civil al aire libre o un c\u00f3ctel con todos los invitados. En caso de lluvia, el Castillo tambi\u00e9n cuenta en su interior con una amplia sala completamente restaurada para llevarla a cabo sin problemas y el sal\u00f3n disponible para banquetes tiene unas espectaculares vistas desde arriba del Castillo. <\/span><\/p>\n<p style=\"text-align: justify;\"><span style=\"font-weight: 400;\">Para los que desean una ceremonia religiosa, a tan solo 50 m, se encuentra la iglesia de Sant Mart\u00ed de Tous y si los novios desean vestirse antes en el Castell, este cuenta con una sala con todas las comodidades para ello. <\/span><\/p>\n<h3>Detalles<\/h3>\n<ul>\n<li><span style=\"font-weight: 400;\">\u00bfCelebras m\u00e1s de un evento al d\u00eda? No<\/span><\/li>\n<li>Capacidad: desde 30 hasta 150 invitados<\/li>\n<li>Menu desde 132 euros<\/li>\n<li><span style=\"font-weight: 400;\">\u00bfQu\u00e9 incluye el men\u00fa? Aperitivos, buffets, primero, segundo, prepostres, pastel y bodega<\/span><\/li>\n<li><span style=\"font-weight: 400;\">\u00bfEs posible alquilar \u00fanicamente el espacio? No<\/span><\/li>\n<li><span style=\"font-weight: 400;\">\u00bfDispones de catering\/cocina propia? Cocina propia<\/span><\/li>\n<li><span style=\"font-weight: 400;\">\u00bfQu\u00e9 tipo de cocina sirves? De mercado<\/span><\/li>\n<li><span style=\"font-weight: 400;\">\u00bfDispones de men\u00fas especiales? Vegetarianos, veganos, diab\u00e9ticos, hipertensos, cel\u00edacos. Men\u00fas adaptados a intolerancias y alergias.<\/span><\/li>\n<li><span style=\"font-weight: 400;\">\u00bfTienes l\u00edmite de hora en las celebraciones? S\u00ed. Hasta la 1am. en bodas de mediod\u00eda, o hasta las 5 am en bodas de tarde.<\/span><\/li>\n<li><span style=\"font-weight: 400;\">Exclusividad fot\u00f3grafo: No<\/span><\/li>\n<li><span style=\"font-weight: 400;\">Exclusividad de m\u00fasica y catering: S\u00ed<\/span><\/li>\n<li><span style=\"font-weight: 400;\">\u00bfExiste alg\u00fan pago fijo por el lugar? No<\/span><\/li>\n<li><span style=\"font-weight: 400;\">\u00bfCu\u00e1l es el recargo en caso de no llegar al m\u00ednimo de invitados? A acordar con la pareja seg\u00fan temporada del a\u00f1o<\/span><\/li>\n<li><span style=\"font-weight: 400;\">\u00bfDispones de acceso para discapacitados? S\u00ed<\/span><\/li>\n<\/ul>\n<h2>C\u00f3mo llegar a Castell de Tous<\/h2>\n<p style=\"text-align: justify;\"><span style=\"font-weight: 400;\">El Castell de Tous se encuentra ubicado a 45 minutos de Barcelona, a las afueras de la localidad catalana de Igualada. <\/span><\/p>\n<p><span style=\"font-weight: 400;\">Latitud: 41\u00ba 33\u2019 33.308\u2019\u2019<\/span><\/p>\n<p><span style=\"font-weight: 400;\">Longitud: 1\u00ba 31\u2019 29.623\u2019\u2019<\/span><\/p>\n<p><span style=\"font-weight: 400;\">Altitud: 466 metros<\/span><\/p>","protected":false},"featured_media":44559,"comment_status":"open","ping_status":"closed","template":"","meta":{"_job_location":"Carrer del Castell, 1, 08712 Sant Mart\u00ed de Tous, Barcelona","_company_website":"","_company_tagline":"Castell de Tous es un emblem\u00e1tico castillo catal\u00e1n con 1.000 a\u00f1os de historia y uno de los lugares m\u00e1s exclusivos de Barcelona","_company_twitter":"","_filled":0,"_featured":0},"job_listing_region":[113],"job-categories":[819,1368,823,98],"venue_type":[138,145],"wedding_style":[],"class_list":["post-21143","job_listing","type-job_listing","status-publish","has-post-thumbnail","hentry","job_listing_region-catalonia","job_listing_category-anniversary","job_listing_category-elopement","job_listing_category-engagement-party","job_listing_category-wedding","people-316","budget-6569","accommodation-yes","venue_type-astle-palace","venue_type-gardensmarquee-site","other-outside-space","other-car-parking","job_listing_tag-barcelona-espacios-eventos","job_listing_tag-barcelona-finca-bodas","job_listing_tag-castle-barcelona","job_listing_tag-mice-venue","job_listing_tag-wedding-venue-barcelona"],"_links":{"self":[{"href":"https:\/\/perfectvenue.es\/es\/wp-json\/wp\/v2\/job-listings\/21143","targetHints":{"allow":["GET"]}}],"collection":[{"href":"https:\/\/perfectvenue.es\/es\/wp-json\/wp\/v2\/job-listings"}],"about":[{"href":"https:\/\/perfectvenue.es\/es\/wp-json\/wp\/v2\/types\/job_listing"}],"replies":[{"embeddable":true,"href":"https:\/\/perfectvenue.es\/es\/wp-json\/wp\/v2\/comments?post=21143"}],"wp:featuredmedia":[{"embeddable":true,"href":"https:\/\/perfectvenue.es\/es\/wp-json\/wp\/v2\/media\/44559"}],"wp:attachment":[{"href":"https:\/\/perfectvenue.es\/es\/wp-json\/wp\/v2\/media?parent=21143"}],"wp:term":[{"taxonomy":"job_listing_region","embeddable":true,"href":"https:\/\/perfectvenue.es\/es\/wp-json\/wp\/v2\/job_listing_region?post=21143"},{"taxonomy":"job_listing_category","embeddable":true,"href":"https:\/\/perfectvenue.es\/es\/wp-json\/wp\/v2\/job-categories?post=21143"},{"taxonomy":"venue_type","embeddable":true,"href":"https:\/\/perfectvenue.es\/es\/wp-json\/wp\/v2\/venue_type?post=21143"},{"taxonomy":"wedding_style","embeddable":true,"href":"https:\/\/perfectvenue.es\/es\/wp-json\/wp\/v2\/wedding_style?post=21143"}],"curies":[{"name":"wp","href":"https:\/\/api.w.org\/{rel}","templated":true}]}}