{"id":20987,"date":"2019-05-26T18:23:35","date_gmt":"2019-05-26T15:23:35","guid":{"rendered":"https:\/\/perfectvenue.es\/?post_type=job_listing&#038;p=20987"},"modified":"2022-09-08T14:32:35","modified_gmt":"2022-09-08T11:32:35","slug":"finca-monte-de-cutamilla","status":"publish","type":"job_listing","link":"https:\/\/perfectvenue.es\/es\/listings\/finca-monte-de-cutamilla\/","title":{"rendered":"Finca Monte de Cutamilla"},"content":{"rendered":"<p><\/p>\n<h2>Historia<\/h2>\n<p style=\"text-align: justify;\"><span style=\"font-weight: 400;\">Cutamilla es una reserva natural hist\u00f3rica muy cerca de la Ciudad Medieval de Sig\u00fcenza, a tan solo una hora de Madrid. Cuenta con 1.200 hect\u00e1reas de extensi\u00f3n y entrada privada a la finca controlada por vigilantes durante las 24 horas del d\u00eda. \u00a0<\/span><\/p>\n<p style=\"text-align: justify;\"><span style=\"font-weight: 400;\">La finca fue construida a finales del siglo XIX por el Duque de Pastrana y fue visitada por importantes personajes de la realeza y la pol\u00edtica de la \u00e9poca. La construcci\u00f3n consta de tres plantas y una peque\u00f1a bodega en el s\u00f3tano. Alrededor del palacete hay un jard\u00edn con m\u00e1s de 500 m2 y un gran n\u00famero de zonas verdes. Adem\u00e1s, tambi\u00e9n alberga una capilla del siglo XIX en su interior donde se pueden organizar misas o ceremonias civiles.<\/span><\/p>\n<h2>Bodas y Eventos<\/h2>\n<p style=\"text-align: justify;\"><span style=\"font-weight: 400;\">Su reto es que los que celebren su boda o evento sientan que lo organizan en su propia finca. Reciben a sus invitados a la entrada de los jardines del Palacete en el que se van a alojar dentro de un paisaje natural privado y nada corriente. Para sorprender a sus invitados podr\u00e1n elegir entre los paisajes de praderas y bosques, como la ribera del r\u00edo Henares. Todos los detalles del servicio y la restauraci\u00f3n se elegir\u00e1n con la Chef propietaria Mara Ons\u00e9s, Cordon Bleu Paris y su equipo Maracatering.<\/span><\/p>\n<p style=\"text-align: justify;\"><b>Alojamiento<\/b><\/p>\n<p style=\"text-align: justify;\"><span style=\"font-weight: 400;\">El Palacete del S.XIX \u00a0cuenta con 14 habitaciones pudiendo alojar hasta 32 personas.<\/span><\/p>\n<p style=\"text-align: justify;\"><span style=\"font-weight: 400;\">Todas las habitaciones son muy amplias, est\u00e1n decoradas con muebles de la \u00e9poca y disponen de ba\u00f1o. Cada habitaci\u00f3n se deja preparada con amenities, secador y \u00a0toallas para que ofrecer todas las comodidades a sus invitados.<\/span><\/p>\n<p><b>Gastronom\u00eda<\/b><\/p>\n<p style=\"text-align: justify;\"><span style=\"font-weight: 400;\">La cocina de Monte de Cutamilla corre de la mano de la Chef <\/span><span style=\"font-weight: 400;\">Mara Ons\u00e9s, Cordon Bleu Paris tambi\u00e9n una de las propietarias de la finca junto con su equipo de Maracatering. Son los encargados de dise\u00f1ar los men\u00fas, mezclando interesantes creaciones con la cocina tradicional y de autor. <\/span><\/p>\n<h3>Detalles<\/h3>\n<ul>\n<li><span style=\"font-weight: 400;\">\u00bfCelebras m\u00e1s de un evento al d\u00eda? No<\/span><\/li>\n<li><span style=\"font-weight: 400;\">\u00bfQu\u00e9 incluye el men\u00fa? El men\u00fa incluye: c\u00f3ctel + comida\/ cena sentados + barra libre 3 horas<\/span><\/li>\n<li><span style=\"font-weight: 400;\">\u00bfEs posible alquilar \u00fanicamente el espacio, sin el servicio de restauraci\u00f3n? Si<\/span><\/li>\n<li><span style=\"font-weight: 400;\">\u00bfDispones de catering\/cocina propia? Ambos<\/span><\/li>\n<li><span style=\"font-weight: 400;\">\u00bfQu\u00e9 tipo de cocina sirves? De mercado, tradicional, t\u00edpica regional, de autor, internacional, de fusi\u00f3n.<\/span><\/li>\n<li><span style=\"font-weight: 400;\">\u00bfEs posible adaptar o modificar los men\u00fas? S\u00ed<\/span><\/li>\n<li><span style=\"font-weight: 400;\">\u00bfDispones de men\u00fas especiales? Vegetarianos, veganos, diab\u00e9ticos, hipertensos, cel\u00edacos, otros (org\u00e1nicos y ecol\u00f3gicos) S\u00ed, todos.<\/span><\/li>\n<li><span style=\"font-weight: 400;\">\u00bfSirves tambi\u00e9n la tarta de boda? S\u00ed los novios quieren podemos ofrecerles varios tipos de tartas de reposter\u00eda francesa y de fondant.<\/span><\/li>\n<li><span style=\"font-weight: 400;\">\u00bfPuedo llevar mi propia tarta de boda? Si \u00bfTiene alg\u00fan recargo? No , se puede servir sin recargo la tarta que traigan los novios<\/span><\/li>\n<li><span style=\"font-weight: 400;\">\u00bfC\u00f3mo funciona la barra libre? Va incluida en el men\u00fa hasta 3 horas<\/span><\/li>\n<li><span style=\"font-weight: 400;\">\u00bfTienes l\u00edmite de hora en las celebraciones? No<\/span><\/li>\n<\/ul>\n<h2>C\u00f3mo llegar<\/h2>\n<p style=\"text-align: justify;\"><span style=\"font-weight: 400;\">El Palacete del Monte de Cutamilla se encuentra ubicado en Guadalajara, en el valle del r\u00edo Henares, a 117 km de Madrid, muy cerca de Sig\u00fcenza \u00a0y a solo una hora del Aeropuerto de Barajas.<\/span><span style=\"font-weight: 400;\"> Si necesitan transporte, la finca pone a disposici\u00f3n autobuses.<\/span><\/p>\n<p><\/p>","protected":false},"featured_media":20808,"comment_status":"open","ping_status":"closed","template":"","meta":{"_job_location":"Km 12,100 de la CM1101, Sig\u00fcenza, Guadalajara, Spain, 19267 Sig\u00fcenza, Guadalajara","_company_website":"","_company_tagline":"La finca Monte de Cutamilla fue construida a finales del siglo XIX por el Duque de Pastrana y fue visitada por importantes personajes de la realeza","_company_twitter":"@perfectvenue_es","_filled":0,"_featured":0},"job_listing_region":[269],"job-categories":[823,98],"venue_type":[150,147,138,192,145],"wedding_style":[],"class_list":["post-20987","job_listing","type-job_listing","status-publish","has-post-thumbnail","hentry","job_listing_region-castilla-la-mancha","job_listing_category-engagement-party","job_listing_category-wedding","people-171","budget-199","accommodation-yes","venue_type-boutique-hotel","venue_type-estateresort","venue_type-astle-palace","venue_type-espacio-unico","venue_type-gardensmarquee-site","other-outside-space","other-car-parking","job_listing_tag-finca-bodas","job_listing_tag-finca-con-encanto","job_listing_tag-finca-con-historia","job_listing_tag-perfect-venue","job_listing_tag-wedding-venue","job_listing_tag-1219","job_listing_tag-1218"],"_links":{"self":[{"href":"https:\/\/perfectvenue.es\/es\/wp-json\/wp\/v2\/job-listings\/20987","targetHints":{"allow":["GET"]}}],"collection":[{"href":"https:\/\/perfectvenue.es\/es\/wp-json\/wp\/v2\/job-listings"}],"about":[{"href":"https:\/\/perfectvenue.es\/es\/wp-json\/wp\/v2\/types\/job_listing"}],"replies":[{"embeddable":true,"href":"https:\/\/perfectvenue.es\/es\/wp-json\/wp\/v2\/comments?post=20987"}],"wp:featuredmedia":[{"embeddable":true,"href":"https:\/\/perfectvenue.es\/es\/wp-json\/wp\/v2\/media\/20808"}],"wp:attachment":[{"href":"https:\/\/perfectvenue.es\/es\/wp-json\/wp\/v2\/media?parent=20987"}],"wp:term":[{"taxonomy":"job_listing_region","embeddable":true,"href":"https:\/\/perfectvenue.es\/es\/wp-json\/wp\/v2\/job_listing_region?post=20987"},{"taxonomy":"job_listing_category","embeddable":true,"href":"https:\/\/perfectvenue.es\/es\/wp-json\/wp\/v2\/job-categories?post=20987"},{"taxonomy":"venue_type","embeddable":true,"href":"https:\/\/perfectvenue.es\/es\/wp-json\/wp\/v2\/venue_type?post=20987"},{"taxonomy":"wedding_style","embeddable":true,"href":"https:\/\/perfectvenue.es\/es\/wp-json\/wp\/v2\/wedding_style?post=20987"}],"curies":[{"name":"wp","href":"https:\/\/api.w.org\/{rel}","templated":true}]}}