{"id":15218,"date":"2022-12-19T13:32:30","date_gmt":"2022-12-19T10:32:30","guid":{"rendered":"https:\/\/perfectvenue.es\/?post_type=job_listing&#038;p=15218"},"modified":"2024-02-19T12:49:28","modified_gmt":"2024-02-19T09:49:28","slug":"mas-solers","status":"publish","type":"job_listing","link":"https:\/\/perfectvenue.es\/es\/listings\/mas-solers\/","title":{"rendered":"Finca Mas Solers"},"content":{"rendered":"<p><\/p>\n<h2 style=\"text-align: justify;\">Historia<\/h2>\n<p style=\"text-align: justify;\">Finca Mas Solers se encuentra en el municipio de Sant Pere de Ribes y data del siglo XIII, \u00e9poca en la que fue hogar de los monjes Agustinos. A finales del siglo XIX, fue adquirida y reformada por el banquero Manuel Girona y, en 1918, Eduard Maristany (Marques d\u2019Argentera) pas\u00f3 a ser su propietario. Fue entonces cuando se llev\u00f3 a cabo la ampliaci\u00f3n y reforma que lo convirti\u00f3 en el majestuoso palacete que conocemos actualmente.<\/p>\n<p style=\"text-align: justify;\">Durante los a\u00f1os de la Guerra Civil, Finca Mas Solers fue un hospital de carabineros y civiles. Tras este periodo la finca volvi\u00f3 a ser patrimonio del marqu\u00e9s y sus descendientes hasta el a\u00f1o 1977, momento en el cual fue adquirida para\u00a0convertirse en el Gran Casino de Barcelona durante 22 a\u00f1os. A partir del a\u00f1o 1999 Finca Mas Solers se habilit\u00f3 como un espacio exclusivo para celebrar eventos de todo tipo.<\/p>\n<h2 style=\"text-align: justify;\">Bodas y Eventos<\/h2>\n<p style=\"text-align: justify;\">Finca Mas Solers posee salones adecuados y con las mayores comodidades para celebrar eventos tanto en formato c\u00f3ctel como banquetes:<\/p>\n<ul style=\"text-align: justify;\">\n<li><b>Gran Sal\u00f3n Hispano Suiza (280 \u2013 1070 personas, espacio interior) &#8211; <\/b><span style=\"font-weight: 400;\">El sal\u00f3n m\u00e1s <\/span><span style=\"font-weight: 400;\">majestuoso la Finca es el espacio para celebra eventos elegantes y exclusivos. Su <\/span><span style=\"font-weight: 400;\">decoraci\u00f3n noble, la gran l\u00e1mpara del siglo XIX que preside el sal\u00f3n y su excelente<\/span><span style=\"font-weight: 400;\">\u00a0 <\/span><span style=\"font-weight: 400;\">iluminaci\u00f3n natural, la convierten en el marco perfecto para celebraciones \u00fanicas. <\/span><span style=\"font-weight: 400;\">Es\u00a0 el escenario perfecto para celebrar grandes banquetes nupciales, c\u00f3cteles, cenas\u00a0 espect\u00e1culo, eventos corporativos, etc.\u00a0<\/span><\/li>\n<li><b>Sal\u00f3n Grace (240 \u2013 790 personas, espacio interior) &#8211; <\/b><span style=\"font-weight: 400;\">Este sal\u00f3n cuenta con una\u00a0 est\u00e9tica moderna basada en tonos neutros, un amplio escenario y un original\u00a0 sistema de iluminaci\u00f3n.\u00a0<\/span><\/li>\n<li><b>El Celler (160 \u2013 460 personas, espacio interior) &#8211; <\/b><span style=\"font-weight: 400;\">De decoraci\u00f3n r\u00fastica, El Celler es\u00a0 un sal\u00f3n con una calidez especial. Arropado por su gran chimenea blanca, la antigua\u00a0 bodega de la Finca es un espacio di\u00e1fano que dispone de una antesala que permite\u00a0 separar ambientes de un mismo evento\u00a0<\/span><\/li>\n<li><b>Sal\u00f3n Bacarr\u00e1 (20 \u2013 85 personas, espacio interior) &#8211; <\/b><span style=\"font-weight: 400;\">De ambiente tradicional ingl\u00e9s\u00a0 y cierto aire vintage, este sal\u00f3n es ideal para celebraciones \u00edntimas o peque\u00f1os\u00a0 grupos de trabajo.\u00a0<\/span><\/li>\n<li><b>Las Fuentes (170 \u2013 550 personas, espacio exterior) &#8211; <\/b><span style=\"font-weight: 400;\">Las fuentes nos reciben y nos\u00a0 acompa\u00f1ana hasta el edificio principal a lo largo de un espacio al aire libre ideal para\u00a0 una recepci\u00f3n o un c\u00f3ctel en cualquier \u00e9poca del a\u00f1o\u00a0\u00a0<\/span><\/li>\n<li><b>Los Arcos (110 \u2013 290 personas, espacio exterior) &#8211; <\/b><span style=\"font-weight: 400;\">Los Arcos son uno de los\u00a0 espacios m\u00e1s emblem\u00e1ticos de la Finca. Ubicados junto a las Fuentes, el\u00a0 romanticismo que desprenden los ha convertido en un maravilloso lugar para\u00a0 celebrar enlaces de peque\u00f1o formato.\u00a0<\/span><\/li>\n<li><b>Jardines de M\u00f3naco (240 \u2013 580 personas, espacio exterior) &#8211; <\/b><span style=\"font-weight: 400;\">Presididos por una\u00a0 majestuosa olivera centenaria y un busto de la princesa Grace Kelly, gran enamorada\u00a0 de la Finca, los elegantes Jardines M\u00f3naco son un marco incomparable para celebrar\u00a0 todo tipo de eventos al aire libre y rodeados de naturaleza.\u00a0<\/span><\/li>\n<li><b>Anfiteatro (280 \u2013 1000 personas, espacio exterior) &#8211; <\/b><span style=\"font-weight: 400;\">El espacio ideal para celebrar\u00a0 eventos con una notable asistencia de p\u00fablico al aire libre y rodeados de un entorno\u00a0 natural id\u00edlico.\u00a0<\/span><\/li>\n<\/ul>\n<h3 style=\"text-align: justify;\">Detalles<\/h3>\n<p style=\"text-align: justify;\">\u00bfCelebras m\u00e1s de un evento al d\u00eda?\u00a0S\u00ed<br \/>\n\u00bfDispones de cocina propia? S\u00ed<br \/>\nExclusividad fot\u00f3grafo:\u00a0S\u00ed<br \/>\nExclusividad m\u00fasica: No<br \/>\nExclusividad floristas: S\u00ed<br \/>\nN\u00ba de invitados: hasta 1070 comensales<br \/>\n\u00bfTen\u00e9is alojamiento? No<br \/>\nPrecio menu por persona:\u00a0 A consultar<br \/>\n\u00bfAcept\u00e1is mascotas?\u00a0S\u00ed<br \/>\n\u00bfDispones de acceso para discapacitados? S\u00ed<\/p>\n<p style=\"text-align: justify;\">Precio exclusividad de Finca: A consultar<\/p>\n<h2 style=\"text-align: justify;\">C\u00f3mo llegar<\/h2>\n<p style=\"text-align: justify;\">A tan s\u00f3lo 20 minutos de Barcelona, 5 minutos de Sitges y 30km del Aeropuerto de Barcelona-El Prat.<\/p>\n<p style=\"text-align: justify;\">Desde BCN: Autopista C-32 direcci\u00f3n Tarragona. A la altura del Km. 32, coger la Salida n\u00fam. 26 hacia Sant Pere de Ribes \u2013 Sitges. En la bifurcaci\u00f3n, girar a la derecha direcci\u00f3n Sitges-Vilanova i la Geltr\u00fa. En la primera rotonda girar a la derecha direcci\u00f3n Vilanova i la Geltr\u00fa, continuar recto y, 100m despu\u00e9s de la tercera rotonda, girar a la derecha para coger el camino de cipreses que conduce hasta Finca Mas Solers.<\/p>\n<p style=\"text-align: justify;\"><span class=\"subtitle\">Latitud: N 41\u00ba 14&#8242; 43.98&#8221;<br \/>\nLongitud: E 1\u00ba 44&#8242;\u00a039.836&#8221;<br \/>\nAltura: 73m<\/span><\/p>\n<p><\/p>","protected":false},"featured_media":15258,"comment_status":"open","ping_status":"closed","template":"","meta":{"_job_location":"Ctra. Vilanova a Sant Pere de Ribes, BV-2112, 08810 Sant Pere de Ribes, Barcelona","_company_website":"","_company_tagline":"Disfruta de la elegancia de un palacete renacentista del siglo XIX ubicado en un entorno encantador. \u00a1Y a tan s\u00f3lo 20 minutos de Barcelona y 5 minutos de Sitges!","_company_twitter":"","_filled":0,"_featured":0},"job_listing_region":[113],"job-categories":[173,98],"venue_type":[138,192,145],"wedding_style":[],"class_list":["post-15218","job_listing","type-job_listing","status-publish","has-post-thumbnail","hentry","job_listing_region-catalonia","job_listing_category-newyear","job_listing_category-wedding","people-219","budget-217","accommodation-no","venue_type-astle-palace","venue_type-espacio-unico","venue_type-gardensmarquee-site","other-outside-space","other-car-parking","other-dog-friendly","job_listing_tag-dog-friendly","job_listing_tag-espacio-eventos","job_listing_tag-espacio-unico","job_listing_tag-car-parking","job_listing_tag-uso-exclusivo","job_listing_tag-venue-for-wedding","job_listing_tag-wedding-barcelona","job_listing_tag-wedding-catalonia","job_listing_tag-wedding-in-castle"],"_links":{"self":[{"href":"https:\/\/perfectvenue.es\/es\/wp-json\/wp\/v2\/job-listings\/15218","targetHints":{"allow":["GET"]}}],"collection":[{"href":"https:\/\/perfectvenue.es\/es\/wp-json\/wp\/v2\/job-listings"}],"about":[{"href":"https:\/\/perfectvenue.es\/es\/wp-json\/wp\/v2\/types\/job_listing"}],"replies":[{"embeddable":true,"href":"https:\/\/perfectvenue.es\/es\/wp-json\/wp\/v2\/comments?post=15218"}],"wp:featuredmedia":[{"embeddable":true,"href":"https:\/\/perfectvenue.es\/es\/wp-json\/wp\/v2\/media\/15258"}],"wp:attachment":[{"href":"https:\/\/perfectvenue.es\/es\/wp-json\/wp\/v2\/media?parent=15218"}],"wp:term":[{"taxonomy":"job_listing_region","embeddable":true,"href":"https:\/\/perfectvenue.es\/es\/wp-json\/wp\/v2\/job_listing_region?post=15218"},{"taxonomy":"job_listing_category","embeddable":true,"href":"https:\/\/perfectvenue.es\/es\/wp-json\/wp\/v2\/job-categories?post=15218"},{"taxonomy":"venue_type","embeddable":true,"href":"https:\/\/perfectvenue.es\/es\/wp-json\/wp\/v2\/venue_type?post=15218"},{"taxonomy":"wedding_style","embeddable":true,"href":"https:\/\/perfectvenue.es\/es\/wp-json\/wp\/v2\/wedding_style?post=15218"}],"curies":[{"name":"wp","href":"https:\/\/api.w.org\/{rel}","templated":true}]}}